{"id":36,"date":"2023-03-10T21:09:01","date_gmt":"2023-03-10T20:09:01","guid":{"rendered":"http:\/\/williamchevillon.fr\/?page_id=36"},"modified":"2026-05-06T18:17:31","modified_gmt":"2026-05-06T16:17:31","slug":"le-cv","status":"publish","type":"page","link":"https:\/\/williamchevillon.fr\/index.php\/le-cv\/","title":{"rendered":"\u00c0 propos &#8211; le CV"},"content":{"rendered":"\n<p class=\"wp-block-paragraph\">Chercheur, artiste-auteur et m\u00e9diateur culturel attir\u00e9 par le spectacle vivant, l&rsquo;art contemporain, le patrimoine et les paysages.<\/p>\n\n\n\n<figure class=\"wp-block-image size-large\"><img loading=\"lazy\" decoding=\"async\" width=\"1024\" height=\"682\" src=\"https:\/\/williamchevillon.fr\/wp-content\/uploads\/2023\/03\/William-Chevillon-et-Philippe-Ramette-cliche-Philippe-Bertheau-2014-1024x682.jpg\" alt=\"\" class=\"wp-image-248\" srcset=\"https:\/\/williamchevillon.fr\/wp-content\/uploads\/2023\/03\/William-Chevillon-et-Philippe-Ramette-cliche-Philippe-Bertheau-2014-1024x682.jpg 1024w, https:\/\/williamchevillon.fr\/wp-content\/uploads\/2023\/03\/William-Chevillon-et-Philippe-Ramette-cliche-Philippe-Bertheau-2014-300x200.jpg 300w, https:\/\/williamchevillon.fr\/wp-content\/uploads\/2023\/03\/William-Chevillon-et-Philippe-Ramette-cliche-Philippe-Bertheau-2014-768x512.jpg 768w, https:\/\/williamchevillon.fr\/wp-content\/uploads\/2023\/03\/William-Chevillon-et-Philippe-Ramette-cliche-Philippe-Bertheau-2014-1200x799.jpg 1200w, https:\/\/williamchevillon.fr\/wp-content\/uploads\/2023\/03\/William-Chevillon-et-Philippe-Ramette-cliche-Philippe-Bertheau-2014.jpg 1276w\" sizes=\"auto, (max-width: 1024px) 100vw, 1024px\" \/><figcaption class=\"wp-element-caption\">Avec Philippe Ramette, clich\u00e9 Philippe Bertheau<\/figcaption><\/figure>\n\n\n\n<p class=\"wp-block-paragraph\">Mes publications et articles scientifiques portent sur des unit\u00e9s urbaines telles Fontenay-le-Comte et La Roche-sur-Yon, des domaines artistiques modernes et contemporains, des ensembles et registres architecturaux mais \u00e9galement sur l&rsquo;art dans l&rsquo;espace public (1 % artistique, Commande publique, etc.) en lien avec un travail d&rsquo;inventaire et de recherches men\u00e9 sur ce sujet depuis 2009. Je travaille \u00e9galement dans un horizon culturel plus litt\u00e9raire et po\u00e9tique selon le commandes.<\/p>\n\n\n\n<p class=\"wp-block-paragraph\">Auteur, correspondant de presse et chroniqueur\/intervenant audiovisuel (Arte, Radio France, RCF, France 3&#8230;), j&rsquo;\u00e9cris pour la presse quotidienne r\u00e9gionale, parfois \u00e9galement pour des revues de diffusion locale ou nationale selon les commandes qui me sont faites. <\/p>\n\n\n\n<p class=\"wp-block-paragraph\">Une partie de mes travaux sont \u00e9dit\u00e9s par le CVRH, dont le conseil scientifique \u00e9mane de Sorbonne Universit\u00e9.<\/p>\n\n\n\n<p class=\"wp-block-paragraph\">J&rsquo;\u00e9volue entre le Grand Ouest et le Val de Loire, parfois Paris. Je musarde souvent en Vend\u00e9e, Loire-Atlantique, Morbihan, Deux-S\u00e8vres, Charente-Maritime, Indre-et-Loire, Maine-et-Loire, Vienne, dans la Manche (Granville)&#8230;<\/p>\n\n\n\n<p class=\"wp-block-paragraph\"><\/p>\n\n\n\n<p class=\"wp-block-paragraph\">Ce site a pour vocation de regrouper certains de mes \u00e9crits culturels, quelques actualit\u00e9s, mais \u00e9galement des billets de blog plus personnels.<\/p>\n\n\n\n<p class=\"wp-block-paragraph\"><\/p>\n\n\n\n<figure class=\"wp-block-image size-full\"><a href=\"https:\/\/williamchevillon.fr\/wp-content\/uploads\/2025\/07\/William-Chevillon-11.png\" target=\"_blank\" rel=\"noreferrer noopener\"><img loading=\"lazy\" decoding=\"async\" width=\"1414\" height=\"2000\" src=\"https:\/\/williamchevillon.fr\/wp-content\/uploads\/2025\/07\/William-Chevillon-11.png\" alt=\"William Chevillon N\u00e9 en 1992 alors que disparaissait Antenne 2 A eu son bac litt\u00e9raire en 2011, a \u00c9tudi\u00c9 le tourisme, est dipl\u00f4m\u00e9 ssiap, a son permis b ET TOUS SES POINTS AIME la musique pop, le patrimoine, l'art contemporain, l'urbanisme, le cin\u00e9ma, le spectacle vivant, observer les paysages, chanter anne sylvestre sous la douche... A FAIT SA PREMI\u00c8re visite guid\u00e9e \u00e0 l'\u00e2ge de 14 ans, est engag\u00e9 dans les domaines de la culture et du handicap A beaucoup travaill\u00e9 en vend\u00e9e mais est curieux de tous les lieux a pour leitmotiv le fait de cr\u00e9er le lien entre lE PATRIMOINE CULTUREL d'un territoire et les personnes qui s'y trouvent peut pRATIQUEr L'ANGLAIS ET L'ESPAGNOL \u00e0 l'\u00e9crit comme \u00e0 l'oral, le poitevin-saintongeais en soir\u00e9e, a des notions d'italien, latin et grec ancien a travaill\u00e9\/travaille pour : le grand r (sc\u00e8ne nationale de la roche-sur-yon), ARTABAN, familles rurales, patrimoine yonnais, monuments historiques management, l'\u00e9cole de design nantes-atlantique, diff\u00e9rentes collectivit\u00e9s, associations ou compagnies th\u00e9\u00e2trales \u00e9crit\/a \u00e9crit\/intervient\/est intervenu pour : ouest-france, REVUE VMF, arte, france 3, Ici, RCF, tv vend\u00e9e, diff\u00e9rentes revues scientifiques... a publi\u00e9 sur : l'histoire et le patrimoine de fontenay-le-comte EN deux ouvrages pour les \u00e9ditions du cvrh (conseil scientifique sorbonne UNIVERSIT\u00e9) et du ch\u00e2teau de terre-neuve. A pr\u00e9fac\u00e9 un livre d\u2019architecture et Pr\u00e9pare UN NOUVEL OPUS SUR l\u2019art dans l'espace public AUTEUR, CHERCHEUR, M\u00c9DIATEUR CULTUREL, conf\u00e9rencier Gestionnaire et diffuseur de productions culturelles Portrait : Fabrice Hyber - Mise \u00e0 jour : mars 2025\" class=\"wp-image-906\" srcset=\"https:\/\/williamchevillon.fr\/wp-content\/uploads\/2025\/07\/William-Chevillon-11.png 1414w, https:\/\/williamchevillon.fr\/wp-content\/uploads\/2025\/07\/William-Chevillon-11-212x300.png 212w, https:\/\/williamchevillon.fr\/wp-content\/uploads\/2025\/07\/William-Chevillon-11-724x1024.png 724w, https:\/\/williamchevillon.fr\/wp-content\/uploads\/2025\/07\/William-Chevillon-11-768x1086.png 768w, https:\/\/williamchevillon.fr\/wp-content\/uploads\/2025\/07\/William-Chevillon-11-1086x1536.png 1086w, https:\/\/williamchevillon.fr\/wp-content\/uploads\/2025\/07\/William-Chevillon-11-1200x1697.png 1200w\" sizes=\"auto, (max-width: 1414px) 100vw, 1414px\" \/><\/a><\/figure>\n\n\n\n<figure class=\"wp-block-image size-large\"><img loading=\"lazy\" decoding=\"async\" width=\"683\" height=\"1024\" src=\"https:\/\/williamchevillon.fr\/wp-content\/uploads\/2025\/07\/IMG_5224-683x1024.jpg\" alt=\"Portrait William Chevillon devant biblioth\u00e8que\" class=\"wp-image-907\" srcset=\"https:\/\/williamchevillon.fr\/wp-content\/uploads\/2025\/07\/IMG_5224-683x1024.jpg 683w, https:\/\/williamchevillon.fr\/wp-content\/uploads\/2025\/07\/IMG_5224-200x300.jpg 200w, https:\/\/williamchevillon.fr\/wp-content\/uploads\/2025\/07\/IMG_5224-768x1152.jpg 768w, https:\/\/williamchevillon.fr\/wp-content\/uploads\/2025\/07\/IMG_5224-1024x1536.jpg 1024w, https:\/\/williamchevillon.fr\/wp-content\/uploads\/2025\/07\/IMG_5224-1365x2048.jpg 1365w, https:\/\/williamchevillon.fr\/wp-content\/uploads\/2025\/07\/IMG_5224-1200x1800.jpg 1200w, https:\/\/williamchevillon.fr\/wp-content\/uploads\/2025\/07\/IMG_5224-1980x2970.jpg 1980w, https:\/\/williamchevillon.fr\/wp-content\/uploads\/2025\/07\/IMG_5224-scaled.jpg 1707w\" sizes=\"auto, (max-width: 683px) 100vw, 683px\" \/><\/figure>\n\n\n\n<p class=\"wp-block-paragraph\">Contact mail : williamchevillon[at]laposte.net<\/p>\n\n\n\n\n\n<figure class=\"wp-block-image size-full\"><a href=\"https:\/\/williamchevillon.fr\/wp-content\/uploads\/2026\/05\/CV-William-Chevillon-2026.png\"><img loading=\"lazy\" decoding=\"async\" width=\"1414\" height=\"2000\" src=\"https:\/\/williamchevillon.fr\/wp-content\/uploads\/2026\/05\/CV-William-Chevillon-2026.png\" alt=\"Auteur, chercheur,\nconf\u00e9rencier, m\u00e9diateur culturel,\nresponsable et attach\u00e9 d'accueil\n\nAttach\u00e9 \u00e0 la valorisation du patrimoine et \u00e0 la promotion de la cr\u00e9ation artistique, je cherche \u00e0 mettre mon enthousiasme et mes comp\u00e9tences au service de missions destin\u00e9es \u00e0 d\u00e9velopper les liens entre le public, les artistes et les institutions culturelles.\n\nN\u00e9 en 1992\nPermis B\nManche \u2212 Basse-Normandie\nGranville - Pays de la Loire - Vend\u00e9e\n\nMES ATOUTS\nM\u00e9thodique \u2022 Esprit d\u2019\u00e9quipe\nSens du relationnel \u2022 Diplomate\nInstinct d\u2019initiative \u2022 Polyvalent\nMES CENTRES D\u2019INT\u00c9R\u00caT\nArt dans l\u2019espace public \u2022 Litt\u00e9rature\nArchitecture \u2022 Urbanisme\nSpectacle vivant \u2022 Patrimoine\nMES COMP\u00c9TENCES PATRIMONIALES,\nCULTURELLES ET ARTISTIQUES\nGestion d\u2019une collection patrimoniale\nR\u00e9daction d\u2019articles pour revues scientifiques\n\u00c9tude de sites historiques\nMa\u00eetrise de recherches documentaire et\narchivistique\nPilotage d\u2019un inventaire d\u2019oeuvres d\u2019art dans\nl\u2019espace public\nConception et r\u00e9alisation de visites guid\u00e9es et\nconf\u00e9rences, r\u00e9daction et mise en forme de\nsupports \u00e9crits et audiovisuels\nEncadrement et formation d'une \u00e9quipe de\nm\u00e9diateurs\nCommissariat d\u2019exposition\nJury DRAC 1 % artistique\nMES COMP\u00c9TENCES ADMINISTRATIVES\nET TECHNIQUES\nCoordination de l'ouverture au public de lieux\nculturels en situation de spectacles et de visites\nRelations, conseil et accueil public\nManagement d\u2019\u00e9quipes : gestion des publics,\naffectation des missions, s\u00e9curit\u00e9\nGestion de caisse\nFacturations et suivi administratif en lien avec\nles \u00e9quipes comptables\nVente et r\u00e9assort en boutique et librairie\nRelations presse et partenaires\nAnimation des r\u00e9seaux sociaux, cr\u00e9ation de\ncontenus audiovisuels\n\nEMPLOIS OCCUP\u00c9S\n2012-en cours (missions r\u00e9guli\u00e8res) \u00b7 Conf\u00e9rencier, m\u00e9diateur, chercheur, artiste-auteur\nIND\u00c9PENDANT, VILLES DE LA ROCHE-SUR-YON ET FONTENAY-LE-COMTE,\n\u00c9COLE DE DESIGN NANTES-ATLANTIQUE, FAMILLES RURALES, ARTABAN,\u2026\n2017-2025 (CDI \u00e0 partir de 2020) \u00b7 Attach\u00e9 aux publics, h\u00f4te et chef de salle\nSC\u00c8NE NATIONALE LE GRAND R (LA ROCHE-SUR-YON)\n2024-2025 \u00b7 Commissaire d\u2019exposition\nMUS\u00c9E DE LA ROCHE-SUR-YON Fa\u00e7onner La Roche. Au c\u0153ur d\u2019une ville imp\u00e9riale\n2018-2020 \u00b7 Gestionnaire d\u2019exploitation dans un ch\u00e2teau recevant du public\nSOCI\u00c9T\u00c9 'MONUMENTS HISTORIQUES MANAGEMENT' CH\u00c2TEAU DE TERRE-NEUVE (85).\n2016-2017 \u00b7 Charg\u00e9 de projet et de d\u00e9veloppement local\nCOLLECTIF ESPACE, CIE TH\u00c9\u00c2TRALE (PAYS DE LA LOIRE)\n2013-2014 \u00b7 Service civique puis m\u00e9diateur culturel\nPATRIMOINE YONNAIS (85)\nLIVRES\nL'art dans l'espace public 1804 - 2024\nEn cours, parution programm\u00e9e pour 2026 ou 2027\nD\u2019Architecture en architecture - M\u00e9moires de Guy Durand (collaboration)\n\u00c9DITIONS DU CVRH, conseil scientifique Sorbonne-Universit\u00e9\nR\u00e9daction de la pr\u00e9face, aide au suivi scientifique et \u00e9ditorial, 2025\n110 ans de cin\u00e9ma rue Gouvion\nMICRO-\u00c9DITION, 2024\nNotre-Dame de Fontenay-le-Comte, un monument dans son territoire.\n\u00c9DITIONS DU CVRH, conseil scientifique Sorbonne-Universit\u00e9\n(rapporteurs : Martin Aurell et Fran\u00e7oise Hildesheimer), avril 2023\nLe ch\u00e2teau de Terre-Neuve, histoire, d\u00e9veloppement, collections\n\u00c9DITIONS DU CH\u00c2TEAU DE TERRE-NEUVE, 2022\nOuvrage co-\u00e9crit avec Claire Guillermic\nFontenay-le-Comte, histoire, patrimoine et d\u00e9veloppement d'une cit\u00e9\n\u00c9DITIONS DU CVRH, conseil scientifique Sorbonne-Universit\u00e9\n(rapporteurs : Jean Artarit et Pierre-Yannick Legal), juin 2020\nM\u00c9DIAS\n\u00b7 Correspondant de presse pour Ouest-France et chroniqueur historique pour RCF et Ici\n\u00b7 Des Racines et des Ailes, Terre de Vend\u00e9e, Troisi\u00e8me OEil productions, France 3, 2018\nLe M\u00e9diateur et le territoire, Elliot Voilmy, 2018\n\u00b7 Nombreux sujets sur TV Vend\u00e9e, Arte et France 3 Pays de la Loire (d\u00e9couvertes urbaines,\npatrimoine m\u00e9di\u00e9val et moderne, art contemporain dans l'espace public, etc.)\n\u00b7 Articles pour des revues historiques et la presse r\u00e9gionale\nFORMATIONS ET DIPL\u00d4MES\n\u00b7 SDIS Vend\u00e9e, La Roche-sur-Yon - SSIAP 1, AGENT DE SERVICE DE S\u00c9CURIT\u00c9 INCENDIE\nET D'ASSISTANCE \u00c0 PERSONNES, 2022 (recyclage effectu\u00e9 en 2025)\n\u00b7 CNED Grenoble - BTS ANIMATION ET GESTION TOURISTIQUES LOCALES (NIVEAU),\n2011 -2013 - Stages \u00e0 l'Union des offices de tourisme de la Vend\u00e9e et au service animation\ndu patrimoine de la Ville Fontenay-le-Comte.\n\u00b7 Lyc\u00e9e Pierre Mend\u00e8s-France, La Roche-sur-Yon - BACCALAUR\u00c9AT S\u00c9RIE L, 2011\nLANGUES\nAnglais lu, \u00e9crit, parl\u00e9 | Espagnol lu, \u00e9crit | Italien lu | Latin et Grec ancien\nNotions d\u2019accueil et accompagnement en langue des signes fran\u00e7aise\n\n\n\" class=\"wp-image-1016\" srcset=\"https:\/\/williamchevillon.fr\/wp-content\/uploads\/2026\/05\/CV-William-Chevillon-2026.png 1414w, https:\/\/williamchevillon.fr\/wp-content\/uploads\/2026\/05\/CV-William-Chevillon-2026-212x300.png 212w, https:\/\/williamchevillon.fr\/wp-content\/uploads\/2026\/05\/CV-William-Chevillon-2026-724x1024.png 724w, https:\/\/williamchevillon.fr\/wp-content\/uploads\/2026\/05\/CV-William-Chevillon-2026-768x1086.png 768w, https:\/\/williamchevillon.fr\/wp-content\/uploads\/2026\/05\/CV-William-Chevillon-2026-1086x1536.png 1086w, https:\/\/williamchevillon.fr\/wp-content\/uploads\/2026\/05\/CV-William-Chevillon-2026-1200x1697.png 1200w\" sizes=\"auto, (max-width: 1414px) 100vw, 1414px\" \/><\/a><\/figure>\n","protected":false},"excerpt":{"rendered":"<p>Chercheur, artiste-auteur et m\u00e9diateur culturel attir\u00e9 par le spectacle vivant, l&rsquo;art contemporain, le patrimoine et les paysages. Mes publications et articles scientifiques portent sur des unit\u00e9s urbaines telles Fontenay-le-Comte et La Roche-sur-Yon, des domaines artistiques modernes et contemporains, des ensembles et registres architecturaux mais \u00e9galement sur l&rsquo;art dans l&rsquo;espace public (1 % artistique, Commande publique, [&hellip;]<\/p>\n","protected":false},"author":1,"featured_media":0,"parent":0,"menu_order":0,"comment_status":"closed","ping_status":"closed","template":"","meta":{"footnotes":""},"class_list":["post-36","page","type-page","status-publish","hentry"],"_links":{"self":[{"href":"https:\/\/williamchevillon.fr\/index.php\/wp-json\/wp\/v2\/pages\/36","targetHints":{"allow":["GET"]}}],"collection":[{"href":"https:\/\/williamchevillon.fr\/index.php\/wp-json\/wp\/v2\/pages"}],"about":[{"href":"https:\/\/williamchevillon.fr\/index.php\/wp-json\/wp\/v2\/types\/page"}],"author":[{"embeddable":true,"href":"https:\/\/williamchevillon.fr\/index.php\/wp-json\/wp\/v2\/users\/1"}],"replies":[{"embeddable":true,"href":"https:\/\/williamchevillon.fr\/index.php\/wp-json\/wp\/v2\/comments?post=36"}],"version-history":[{"count":24,"href":"https:\/\/williamchevillon.fr\/index.php\/wp-json\/wp\/v2\/pages\/36\/revisions"}],"predecessor-version":[{"id":1022,"href":"https:\/\/williamchevillon.fr\/index.php\/wp-json\/wp\/v2\/pages\/36\/revisions\/1022"}],"wp:attachment":[{"href":"https:\/\/williamchevillon.fr\/index.php\/wp-json\/wp\/v2\/media?parent=36"}],"curies":[{"name":"wp","href":"https:\/\/api.w.org\/{rel}","templated":true}]}}